{"id":14535,"date":"2025-02-17T13:18:40","date_gmt":"2025-02-17T11:18:40","guid":{"rendered":"https:\/\/camping-labesse.com\/alquiler-de-chalets-en-la-naturaleza\/"},"modified":"2025-02-26T12:20:32","modified_gmt":"2025-02-26T10:20:32","slug":"alquiler-de-chalets-en-la-naturaleza","status":"publish","type":"page","link":"https:\/\/camping-labesse.com\/es\/alquiler-de-chalets-en-la-naturaleza\/","title":{"rendered":"Alquiler de chalets en la naturaleza"},"content":{"rendered":"\t\t<div data-elementor-type=\"wp-page\" data-elementor-id=\"14535\" class=\"elementor elementor-14535 elementor-12896\" data-elementor-post-type=\"page\">\n\t\t\t\t<div class=\"elementor-element elementor-element-6260e5e e-con-full e-flex e-con e-parent\" data-id=\"6260e5e\" data-element_type=\"container\">\n\t\t<div class=\"elementor-element elementor-element-2568878 e-con-full e-flex e-con e-child\" data-id=\"2568878\" data-element_type=\"container\" data-settings=\"{&quot;background_background&quot;:&quot;slideshow&quot;,&quot;background_slideshow_gallery&quot;:[{&quot;id&quot;:2227,&quot;url&quot;:&quot;https:\\\/\\\/camping-labesse.com\\\/wp-content\\\/uploads\\\/2014\\\/02\\\/chalet-tradition-vue.jpg&quot;}],&quot;background_slideshow_ken_burns&quot;:&quot;yes&quot;,&quot;background_slideshow_loop&quot;:&quot;yes&quot;,&quot;background_slideshow_slide_duration&quot;:5000,&quot;background_slideshow_slide_transition&quot;:&quot;fade&quot;,&quot;background_slideshow_transition_duration&quot;:500,&quot;background_slideshow_ken_burns_zoom_direction&quot;:&quot;in&quot;}\">\n\t\t\t\t<\/div>\n\t\t<div class=\"elementor-element elementor-element-5a379d1 e-con-full moteur-reservation e-flex e-con e-child\" data-id=\"5a379d1\" data-element_type=\"container\" data-settings=\"{&quot;background_background&quot;:&quot;classic&quot;,&quot;position&quot;:&quot;absolute&quot;}\">\n\t\t\t\t<div class=\"elementor-element elementor-element-9d08023 elementor-widget elementor-widget-text-editor\" data-id=\"9d08023\" data-element_type=\"widget\" data-widget_type=\"text-editor.default\">\n\t\t\t\t\t\t\t\t\t<p>R\u00e9servez vos vacances<\/p>\t\t\t\t\t\t\t\t<\/div>\n\t\t\t\t<div class=\"elementor-element elementor-element-ce3e4a3 elementor-widget__width-initial elementor-widget elementor-widget-html\" data-id=\"ce3e4a3\" data-element_type=\"widget\" data-widget_type=\"html.default\">\n\t\t\t\t\t\n<thr-search-engine>\n<\/thr-search-engine>\t\t\t\t<\/div>\n\t\t\t\t<\/div>\n\t\t\t\t<\/div>\n\t\t<div class=\"elementor-element elementor-element-a334568 e-flex e-con-boxed e-con e-parent\" data-id=\"a334568\" data-element_type=\"container\">\n\t\t\t\t\t<div class=\"e-con-inner\">\n\t\t\t\t<div class=\"elementor-element elementor-element-4817630 elementor-widget__width-initial elementor-widget elementor-widget-heading\" data-id=\"4817630\" data-element_type=\"widget\" data-widget_type=\"heading.default\">\n\t\t\t\t\t<h1 class=\"elementor-heading-title elementor-size-default\">Alquiler de chal\u00e9s de naturaleza en el camping La Besse : Tu ed\u00e9n familiar en el coraz\u00f3n de los Pirineos del Ariege\n<\/h1>\t\t\t\t<\/div>\n\t\t\t\t<div class=\"elementor-element elementor-element-6405ab6 elementor-widget elementor-widget-text-editor\" data-id=\"6405ab6\" data-element_type=\"widget\" data-widget_type=\"text-editor.default\">\n\t\t\t\t\t\t\t\t\t<p><b>Regala a tu familia una escapada encantada<\/b> <a href=\"https:\/\/camping-labesse.com\/es\/\"><strong>en el Camping La Besse, enclavado en el coraz\u00f3n de las monta\u00f1as de Ari\u00e8ge.<\/strong><\/a> D\u00e9jate transportar por la belleza de la verde campi\u00f1a y descubre nuestros <b>chal\u00e9s de naturaleza<\/b>, perfectos para una <b>estancia aut\u00e9ntica y rejuvenecedora<\/b> en plena naturaleza.<\/p>\t\t\t\t\t\t\t\t<\/div>\n\t\t<div class=\"elementor-element elementor-element-1ff53a9 e-con-full e-flex e-con e-child\" data-id=\"1ff53a9\" data-element_type=\"container\">\n\t\t<div class=\"elementor-element elementor-element-46a63d8 e-con-full e-flex e-con e-child\" data-id=\"46a63d8\" data-element_type=\"container\">\n\t\t\t\t<div class=\"elementor-element elementor-element-4d51e29 elementor-widget elementor-widget-heading\" data-id=\"4d51e29\" data-element_type=\"widget\" data-widget_type=\"heading.default\">\n\t\t\t\t\t<h2 class=\"elementor-heading-title elementor-size-default\">Rejuvenece en nuestra zona de sauna y jacuzzi<\/h2>\t\t\t\t<\/div>\n\t\t\t\t<div class=\"elementor-element elementor-element-c621b9e elementor-widget-divider--view-line elementor-widget elementor-widget-divider\" data-id=\"c621b9e\" data-element_type=\"widget\" data-widget_type=\"divider.default\">\n\t\t\t\t\t\t\t<div class=\"elementor-divider\">\n\t\t\t<span class=\"elementor-divider-separator\">\n\t\t\t\t\t\t<\/span>\n\t\t<\/div>\n\t\t\t\t\t\t<\/div>\n\t\t\t\t<div class=\"elementor-element elementor-element-ca40cca elementor-widget elementor-widget-text-editor\" data-id=\"ca40cca\" data-element_type=\"widget\" data-widget_type=\"text-editor.default\">\n\t\t\t\t\t\t\t\t\t<div class=\"col medium-5 small-12 large-5\">\n<div class=\"col-inner text-left\">\n<div class=\"col medium-5 small-12 large-5\">\n<div class=\"col-inner\">\n<p>Despu\u00e9s de un d\u00eda explorando los Pirineos, ven a relajarte a nuestro <a href=\"https:\/\/camping-labesse.com\/es\/el-spa\/\"><strong>zona de bienestar.<\/strong><\/a> Deja que el suave calor de la sauna te envuelva y elimine las toxinas de tu cuerpo. Despu\u00e9s, disfruta de un momento de relajaci\u00f3n total en <strong>el jacuzzi,<\/strong> sumergido en agua caliente y burbujeante. <\/p>\n<\/div>\n<\/div>\n<div class=\"col medium-5 small-12 large-5\">\n<div class=\"col-inner text-center\">\n<div id=\"image_117802938\" class=\"img has-hover x md-x lg-x y md-y lg-y\">\n<div class=\"img-inner image-cover dark\"><picture class=\"attachment-large size-large\"><source srcset=\"https:\/\/camping-labesse.com\/wp-content\/uploads\/2020\/03\/jacuzzi.png.webp\" type=\"image\/webp\"><\/source><\/picture><\/div>\n<\/div>\n<\/div>\n<\/div>\n<\/div>\n<\/div>\n<div class=\"col medium-5 small-12 large-5 small-col-first\">\n<div class=\"col-inner text-center\">\n<div id=\"image_1466479247\" class=\"img has-hover x md-x lg-x y md-y lg-y\">\n<div class=\"img-inner image-cover dark\"><picture class=\"attachment-large size-large\"><source srcset=\"https:\/\/camping-labesse.com\/wp-content\/uploads\/2020\/11\/IMG_3564-1024x768.jpg.webp 1024w, https:\/\/camping-labesse.com\/wp-content\/uploads\/2020\/11\/IMG_3564-300x225.jpg.webp 300w, https:\/\/camping-labesse.com\/wp-content\/uploads\/2020\/11\/IMG_3564-768x576.jpg.webp 768w, https:\/\/camping-labesse.com\/wp-content\/uploads\/2020\/11\/IMG_3564-1536x1152.jpg.webp 1536w, https:\/\/camping-labesse.com\/wp-content\/uploads\/2020\/11\/IMG_3564-2048x1536.jpg.webp 2048w\" type=\"image\/webp\" sizes=\"(max-width: 1020px) 100vw, 1020px\"><\/source><\/picture><\/div>\n<\/div>\n<\/div>\n<\/div>\t\t\t\t\t\t\t\t<\/div>\n\t\t\t\t<\/div>\n\t\t<div class=\"elementor-element elementor-element-f56b22e e-con-full e-flex e-con e-child\" data-id=\"f56b22e\" data-element_type=\"container\">\n\t\t\t\t<div class=\"elementor-element elementor-element-a835b4d elementor-widget elementor-widget-image\" data-id=\"a835b4d\" data-element_type=\"widget\" data-widget_type=\"image.default\">\n\t\t\t\t\t\t\t\t\t\t\t\t\t\t\t<img fetchpriority=\"high\" decoding=\"async\" width=\"800\" height=\"320\" src=\"https:\/\/camping-labesse.com\/wp-content\/uploads\/2020\/03\/jacuzzi.png\" class=\"attachment-large size-large wp-image-13668\" alt=\"\" srcset=\"https:\/\/camping-labesse.com\/wp-content\/uploads\/2020\/03\/jacuzzi.png 1000w, https:\/\/camping-labesse.com\/wp-content\/uploads\/2020\/03\/jacuzzi-300x120.png 300w, https:\/\/camping-labesse.com\/wp-content\/uploads\/2020\/03\/jacuzzi-768x307.png 768w\" sizes=\"(max-width: 800px) 100vw, 800px\" \/>\t\t\t\t\t\t\t\t\t\t\t\t\t\t\t<\/div>\n\t\t\t\t<\/div>\n\t\t\t\t<\/div>\n\t\t\t\t\t<\/div>\n\t\t\t\t<\/div>\n\t\t<div class=\"elementor-element elementor-element-271e890 e-flex e-con-boxed e-con e-parent\" data-id=\"271e890\" data-element_type=\"container\">\n\t\t\t\t\t<div class=\"e-con-inner\">\n\t\t<div class=\"elementor-element elementor-element-5184aad e-con-full e-flex e-con e-child\" data-id=\"5184aad\" data-element_type=\"container\">\n\t\t\t\t<div class=\"elementor-element elementor-element-8676e3b elementor-widget elementor-widget-heading\" data-id=\"8676e3b\" data-element_type=\"widget\" data-widget_type=\"heading.default\">\n\t\t\t\t\t<h2 class=\"elementor-heading-title elementor-size-default\">Confort y convivencia en plena naturaleza<\/h2>\t\t\t\t<\/div>\n\t\t\t\t<div class=\"elementor-element elementor-element-dcf9af6 elementor-widget-divider--view-line elementor-widget elementor-widget-divider\" data-id=\"dcf9af6\" data-element_type=\"widget\" data-widget_type=\"divider.default\">\n\t\t\t\t\t\t\t<div class=\"elementor-divider\">\n\t\t\t<span class=\"elementor-divider-separator\">\n\t\t\t\t\t\t<\/span>\n\t\t<\/div>\n\t\t\t\t\t\t<\/div>\n\t\t\t\t<div class=\"elementor-element elementor-element-8c0ae8f elementor-widget elementor-widget-text-editor\" data-id=\"8c0ae8f\" data-element_type=\"widget\" data-widget_type=\"text-editor.default\">\n\t\t\t\t\t\t\t\t\t<div class=\"col medium-5 small-12 large-5\">\n<div class=\"col-inner text-left\">\n<p><a href=\"https:\/\/camping-labesse.com\/blocks\/hebergements\/\">Nuestros c\u00e1lidos y espaciosos chal\u00e9s de madera<\/a> se integran perfectamente en el entorno natural. Ofrecen todas las comodidades que necesitas para una estancia inolvidable: <\/p>\n<\/div>\n<\/div>\n<div class=\"col medium-5 small-12 large-5 small-col-first\">\n<div class=\"col-inner text-center\">\n<div id=\"image_1466479247\" class=\"img has-hover x md-x lg-x y md-y lg-y\">\n<div class=\"img-inner image-cover dark\"><picture class=\"attachment-large size-large\"><source srcset=\"https:\/\/camping-labesse.com\/wp-content\/uploads\/2020\/11\/IMG_3564-1024x768.jpg.webp 1024w, https:\/\/camping-labesse.com\/wp-content\/uploads\/2020\/11\/IMG_3564-300x225.jpg.webp 300w, https:\/\/camping-labesse.com\/wp-content\/uploads\/2020\/11\/IMG_3564-768x576.jpg.webp 768w, https:\/\/camping-labesse.com\/wp-content\/uploads\/2020\/11\/IMG_3564-1536x1152.jpg.webp 1536w, https:\/\/camping-labesse.com\/wp-content\/uploads\/2020\/11\/IMG_3564-2048x1536.jpg.webp 2048w\" type=\"image\/webp\" sizes=\"(max-width: 1020px) 100vw, 1020px\"><\/source><\/picture><\/div>\n<\/div>\n<\/div>\n<\/div>\t\t\t\t\t\t\t\t<\/div>\n\t\t\t\t<\/div>\n\t\t<div class=\"elementor-element elementor-element-261b2dd e-con-full e-flex e-con e-child\" data-id=\"261b2dd\" data-element_type=\"container\">\n\t\t<div class=\"elementor-element elementor-element-e93c501 e-con-full e-flex e-con e-child\" data-id=\"e93c501\" data-element_type=\"container\">\n\t\t\t\t<div class=\"elementor-element elementor-element-b0d22fd elementor-widget elementor-widget-text-editor\" data-id=\"b0d22fd\" data-element_type=\"widget\" data-widget_type=\"text-editor.default\">\n\t\t\t\t\t\t\t\t\t<div class=\"col medium-5 small-12 large-5\">\n<div class=\"col-inner text-left\">\n<div class=\"col medium-4 small-12 large-4 small-col-first\">\n<div class=\"col-inner\">\n<p><b>Varios modelos<\/b> que se adaptan a tus necesidades y presupuesto, con capacidad de 2 a 8 personas.<\/p>\n<ul>\n<li aria-level=\"1\"><b>Casas rurales para parejas<\/b>, perfectas para una escapada rom\u00e1ntica.<\/li>\n<li aria-level=\"1\"><b>Casas familiares<\/b> espaciosas para vacaciones en grupo.<\/li>\n<li aria-level=\"1\"><b>Chal\u00e9s para personas con movilidad reducida <\/b>, que combinan comodidad, relajaci\u00f3n y bienestar en total intimidad.<\/li>\n<\/ul>\n<\/div>\n<\/div>\n<div class=\"col medium-4 small-12 large-4\">\n<div class=\"col-inner text-center\">\n<div id=\"image_1583862238\" class=\"img has-hover x md-x lg-x y md-y lg-y\">\n<div class=\"img-inner image-cover dark\"><picture class=\"attachment-large size-large\"><source srcset=\"https:\/\/camping-labesse.com\/wp-content\/uploads\/2014\/02\/chalet-tradition-1-1024x679.jpg.webp 1024w, https:\/\/camping-labesse.com\/wp-content\/uploads\/2014\/02\/chalet-tradition-1-300x199.jpg.webp 300w, https:\/\/camping-labesse.com\/wp-content\/uploads\/2014\/02\/chalet-tradition-1.jpg.webp 1506w\" type=\"image\/webp\" sizes=\"(max-width: 1020px) 100vw, 1020px\"><\/source><\/picture><\/div>\n<\/div>\n<\/div>\n<\/div>\n<\/div>\n<\/div>\n<div class=\"col medium-5 small-12 large-5 small-col-first\">\n<div class=\"col-inner text-center\">\n<div id=\"image_1466479247\" class=\"img has-hover x md-x lg-x y md-y lg-y\">\n<div class=\"img-inner image-cover dark\"><picture class=\"attachment-large size-large\"><source srcset=\"https:\/\/camping-labesse.com\/wp-content\/uploads\/2020\/11\/IMG_3564-1024x768.jpg.webp 1024w, https:\/\/camping-labesse.com\/wp-content\/uploads\/2020\/11\/IMG_3564-300x225.jpg.webp 300w, https:\/\/camping-labesse.com\/wp-content\/uploads\/2020\/11\/IMG_3564-768x576.jpg.webp 768w, https:\/\/camping-labesse.com\/wp-content\/uploads\/2020\/11\/IMG_3564-1536x1152.jpg.webp 1536w, https:\/\/camping-labesse.com\/wp-content\/uploads\/2020\/11\/IMG_3564-2048x1536.jpg.webp 2048w\" type=\"image\/webp\" sizes=\"(max-width: 1020px) 100vw, 1020px\"><\/source><\/picture><\/div>\n<\/div>\n<\/div>\n<\/div>\t\t\t\t\t\t\t\t<\/div>\n\t\t\t\t<\/div>\n\t\t<div class=\"elementor-element elementor-element-52d0c20 e-con-full e-flex e-con e-child\" data-id=\"52d0c20\" data-element_type=\"container\">\n\t\t\t\t<div class=\"elementor-element elementor-element-b447e58 elementor-widget elementor-widget-image\" data-id=\"b447e58\" data-element_type=\"widget\" data-widget_type=\"image.default\">\n\t\t\t\t\t\t\t\t\t\t\t\t\t\t\t<img decoding=\"async\" width=\"800\" height=\"531\" src=\"https:\/\/camping-labesse.com\/wp-content\/uploads\/2014\/02\/chalet-tradition-1-1024x680.jpg\" class=\"attachment-large size-large wp-image-13098\" alt=\"\" srcset=\"https:\/\/camping-labesse.com\/wp-content\/uploads\/2014\/02\/chalet-tradition-1-1024x680.jpg 1024w, https:\/\/camping-labesse.com\/wp-content\/uploads\/2014\/02\/chalet-tradition-1-300x199.jpg 300w, https:\/\/camping-labesse.com\/wp-content\/uploads\/2014\/02\/chalet-tradition-1-768x510.jpg 768w, https:\/\/camping-labesse.com\/wp-content\/uploads\/2014\/02\/chalet-tradition-1.jpg 1506w\" sizes=\"(max-width: 800px) 100vw, 800px\" \/>\t\t\t\t\t\t\t\t\t\t\t\t\t\t\t<\/div>\n\t\t\t\t<\/div>\n\t\t<div class=\"elementor-element elementor-element-0dc7f4c e-con-full e-flex e-con e-child\" data-id=\"0dc7f4c\" data-element_type=\"container\">\n\t\t\t\t<div class=\"elementor-element elementor-element-1377044 elementor-widget elementor-widget-text-editor\" data-id=\"1377044\" data-element_type=\"widget\" data-widget_type=\"text-editor.default\">\n\t\t\t\t\t\t\t\t\t<div class=\"col medium-5 small-12 large-5\">\n<div class=\"col-inner text-left\">\n<ul>\n<li><b>Terraza privada<\/b> para tomar el sol y disfrutar de vistas panor\u00e1micas a la monta\u00f1a. Imagina disfrutar de un desayuno familiar con vistas a los majestuosos picos pirenaicos, o de una barbacoa nocturna bajo un cielo estrellado. <\/li>\n<li><b>Sal\u00f3n\/comedor<\/b> para acogedoras veladas familiares<\/li>\n<li aria-level=\"1\"><b>Cocina equipada<\/b> para preparar deliciosas comidas con productos locales. Cocina sabrosos platos con ingredientes frescos del mercado, y disfruta de la convivencia de una comida familiar alrededor de una gran mesa. <\/li>\n<li aria-level=\"1\"><b>Instalaciones sanitarias<\/b>: Cada chal\u00e9 tiene su propio cuarto de ba\u00f1o y aseo, para que disfrutes de la m\u00e1xima comodidad e intimidad durante tu estancia.<\/li>\n<li aria-level=\"1\"><b>Aire acondicionado reversible<\/b> para una estancia agradable en cualquier estaci\u00f3n. Disfruta del encanto de un chalet acogedor en verano y en invierno. <\/li>\n<\/ul>\n<\/div>\n<\/div>\n<div class=\"col medium-5 small-12 large-5 small-col-first\">\n<div class=\"col-inner text-center\">\n<div id=\"image_1466479247\" class=\"img has-hover x md-x lg-x y md-y lg-y\">\n<div class=\"img-inner image-cover dark\"><picture class=\"attachment-large size-large\"><source srcset=\"https:\/\/camping-labesse.com\/wp-content\/uploads\/2020\/11\/IMG_3564-1024x768.jpg.webp 1024w, https:\/\/camping-labesse.com\/wp-content\/uploads\/2020\/11\/IMG_3564-300x225.jpg.webp 300w, https:\/\/camping-labesse.com\/wp-content\/uploads\/2020\/11\/IMG_3564-768x576.jpg.webp 768w, https:\/\/camping-labesse.com\/wp-content\/uploads\/2020\/11\/IMG_3564-1536x1152.jpg.webp 1536w, https:\/\/camping-labesse.com\/wp-content\/uploads\/2020\/11\/IMG_3564-2048x1536.jpg.webp 2048w\" type=\"image\/webp\" sizes=\"(max-width: 1020px) 100vw, 1020px\"><\/source><\/picture><\/div>\n<\/div>\n<\/div>\n<\/div>\t\t\t\t\t\t\t\t<\/div>\n\t\t\t\t<\/div>\n\t\t\t\t<\/div>\n\t\t\t\t\t<\/div>\n\t\t\t\t<\/div>\n\t\t<div class=\"elementor-element elementor-element-69e1a8c e-flex e-con-boxed e-con e-parent\" data-id=\"69e1a8c\" data-element_type=\"container\">\n\t\t\t\t\t<div class=\"e-con-inner\">\n\t\t\t\t<div class=\"elementor-element elementor-element-62a199a elementor-widget__width-initial elementor-widget elementor-widget-heading\" data-id=\"62a199a\" data-element_type=\"widget\" data-widget_type=\"heading.default\">\n\t\t\t\t\t<h2 class=\"elementor-heading-title elementor-size-default\">Una amplia selecci\u00f3n de actividades para todas las edades\n<\/h2>\t\t\t\t<\/div>\n\t\t\t\t<div class=\"elementor-element elementor-element-de1ecdd elementor-widget elementor-widget-text-editor\" data-id=\"de1ecdd\" data-element_type=\"widget\" data-widget_type=\"text-editor.default\">\n\t\t\t\t\t\t\t\t\t<div class=\"col medium-5 small-12 large-5\">\n<div class=\"col-inner text-left\">\n<p>El camping La Besse es un aut\u00e9ntico <b>para\u00edso para las familias<\/b>. Peque\u00f1os y mayores estar\u00e1n encantados con las numerosas <a href=\"https:\/\/camping-labesse.com\/es\/el-camping\/las-actividades-del-camping-de-la-besse-en-camon\/\"><strong>actividades que se ofrecen<\/strong><\/a> : <\/p>\n<\/div>\n<\/div>\n<div class=\"col medium-5 small-12 large-5 small-col-first\">\n<div class=\"col-inner text-center\">\n<div id=\"image_1466479247\" class=\"img has-hover x md-x lg-x y md-y lg-y\">\n<div class=\"img-inner image-cover dark\"><picture class=\"attachment-large size-large\"><source srcset=\"https:\/\/camping-labesse.com\/wp-content\/uploads\/2020\/11\/IMG_3564-1024x768.jpg.webp 1024w, https:\/\/camping-labesse.com\/wp-content\/uploads\/2020\/11\/IMG_3564-300x225.jpg.webp 300w, https:\/\/camping-labesse.com\/wp-content\/uploads\/2020\/11\/IMG_3564-768x576.jpg.webp 768w, https:\/\/camping-labesse.com\/wp-content\/uploads\/2020\/11\/IMG_3564-1536x1152.jpg.webp 1536w, https:\/\/camping-labesse.com\/wp-content\/uploads\/2020\/11\/IMG_3564-2048x1536.jpg.webp 2048w\" type=\"image\/webp\" sizes=\"(max-width: 1020px) 100vw, 1020px\"><\/source><\/picture><\/div>\n<\/div>\n<\/div>\n<\/div>\t\t\t\t\t\t\t\t<\/div>\n\t\t<div class=\"elementor-element elementor-element-5b9c70a e-con-full e-flex e-con e-child\" data-id=\"5b9c70a\" data-element_type=\"container\">\n\t\t<div class=\"elementor-element elementor-element-c04c9e0 e-con-full e-flex e-con e-child\" data-id=\"c04c9e0\" data-element_type=\"container\">\n\t\t\t\t<div class=\"elementor-element elementor-element-45b92a1 elementor-widget elementor-widget-image\" data-id=\"45b92a1\" data-element_type=\"widget\" data-widget_type=\"image.default\">\n\t\t\t\t\t\t\t\t\t\t\t\t\t\t\t<img decoding=\"async\" width=\"300\" height=\"86\" src=\"https:\/\/camping-labesse.com\/wp-content\/uploads\/2014\/12\/lagon-slider1-300x86.jpg\" class=\"attachment-medium size-medium wp-image-13350\" alt=\"\" srcset=\"https:\/\/camping-labesse.com\/wp-content\/uploads\/2014\/12\/lagon-slider1-300x86.jpg 300w, https:\/\/camping-labesse.com\/wp-content\/uploads\/2014\/12\/lagon-slider1-1024x293.jpg 1024w, https:\/\/camping-labesse.com\/wp-content\/uploads\/2014\/12\/lagon-slider1-768x220.jpg 768w, https:\/\/camping-labesse.com\/wp-content\/uploads\/2014\/12\/lagon-slider1-1536x439.jpg 1536w, https:\/\/camping-labesse.com\/wp-content\/uploads\/2014\/12\/lagon-slider1.jpg 1920w\" sizes=\"(max-width: 300px) 100vw, 300px\" \/>\t\t\t\t\t\t\t\t\t\t\t\t\t\t\t<\/div>\n\t\t\t\t<div class=\"elementor-element elementor-element-4768355 elementor-widget elementor-widget-text-editor\" data-id=\"4768355\" data-element_type=\"widget\" data-widget_type=\"text-editor.default\">\n\t\t\t\t\t\t\t\t\t<p><b>Zona acu\u00e1tica <\/b>con una piscina de laguna natural para horas de diversi\u00f3n. Ni\u00f1os y adultos pueden refrescarse y divertirse en la playa de arena. <\/p>\t\t\t\t\t\t\t\t<\/div>\n\t\t\t\t<\/div>\n\t\t<div class=\"elementor-element elementor-element-1626e59 e-con-full e-flex e-con e-child\" data-id=\"1626e59\" data-element_type=\"container\">\n\t\t\t\t<div class=\"elementor-element elementor-element-18c7f72 elementor-widget elementor-widget-image\" data-id=\"18c7f72\" data-element_type=\"widget\" data-widget_type=\"image.default\">\n\t\t\t\t\t\t\t\t\t\t\t\t\t\t\t<img loading=\"lazy\" decoding=\"async\" width=\"300\" height=\"225\" src=\"https:\/\/camping-labesse.com\/wp-content\/uploads\/2023\/03\/enfants-pyrenees-Copie-300x225.jpg\" class=\"attachment-medium size-medium wp-image-14346\" alt=\"\" srcset=\"https:\/\/camping-labesse.com\/wp-content\/uploads\/2023\/03\/enfants-pyrenees-Copie-300x225.jpg 300w, https:\/\/camping-labesse.com\/wp-content\/uploads\/2023\/03\/enfants-pyrenees-Copie.jpg 320w\" sizes=\"(max-width: 300px) 100vw, 300px\" \/>\t\t\t\t\t\t\t\t\t\t\t\t\t\t\t<\/div>\n\t\t\t\t<div class=\"elementor-element elementor-element-bdac6ef elementor-widget elementor-widget-text-editor\" data-id=\"bdac6ef\" data-element_type=\"widget\" data-widget_type=\"text-editor.default\">\n\t\t\t\t\t\t\t\t\t<p><b>Un parque infantil<\/b> para desahogarse y conocer gente nueva. Los ni\u00f1os pueden correr, saltar y jugar con total seguridad en el parque infantil, mientras los padres pueden relajarse en las tumbonas que hay a su disposici\u00f3n. <\/p>\t\t\t\t\t\t\t\t<\/div>\n\t\t\t\t<\/div>\n\t\t<div class=\"elementor-element elementor-element-c0cdeff e-con-full e-flex e-con e-child\" data-id=\"c0cdeff\" data-element_type=\"container\">\n\t\t\t\t<div class=\"elementor-element elementor-element-0e90269 elementor-widget elementor-widget-image\" data-id=\"0e90269\" data-element_type=\"widget\" data-widget_type=\"image.default\">\n\t\t\t\t\t\t\t\t\t\t\t\t\t\t\t<img loading=\"lazy\" decoding=\"async\" width=\"225\" height=\"300\" src=\"https:\/\/camping-labesse.com\/wp-content\/uploads\/2023\/06\/IMG_2903-225x300.jpeg\" class=\"attachment-medium size-medium wp-image-14362\" alt=\"\" srcset=\"https:\/\/camping-labesse.com\/wp-content\/uploads\/2023\/06\/IMG_2903-225x300.jpeg 225w, https:\/\/camping-labesse.com\/wp-content\/uploads\/2023\/06\/IMG_2903-768x1024.jpeg 768w, https:\/\/camping-labesse.com\/wp-content\/uploads\/2023\/06\/IMG_2903-1152x1536.jpeg 1152w, https:\/\/camping-labesse.com\/wp-content\/uploads\/2023\/06\/IMG_2903.jpeg 1536w\" sizes=\"(max-width: 225px) 100vw, 225px\" \/>\t\t\t\t\t\t\t\t\t\t\t\t\t\t\t<\/div>\n\t\t\t\t<div class=\"elementor-element elementor-element-2ac8014 elementor-widget elementor-widget-text-editor\" data-id=\"2ac8014\" data-element_type=\"widget\" data-widget_type=\"text-editor.default\">\n\t\t\t\t\t\t\t\t\t<p><b>Actividades deportivas y culturales<\/b> en temporada alta para todos los gustos y capacidades. Torneos de f\u00fatbol, clases de yoga, talleres de arte, actividades en la naturaleza&#8230; \u00a1Hay algo para todos! <\/p>\t\t\t\t\t\t\t\t<\/div>\n\t\t\t\t<\/div>\n\t\t<div class=\"elementor-element elementor-element-d2f344c e-con-full e-flex e-con e-child\" data-id=\"d2f344c\" data-element_type=\"container\">\n\t\t\t\t<div class=\"elementor-element elementor-element-2918496 elementor-widget elementor-widget-image\" data-id=\"2918496\" data-element_type=\"widget\" data-widget_type=\"image.default\">\n\t\t\t\t\t\t\t\t\t\t\t\t\t\t\t<img loading=\"lazy\" decoding=\"async\" width=\"300\" height=\"225\" src=\"https:\/\/camping-labesse.com\/wp-content\/uploads\/2023\/06\/IMG_2839-300x225.jpeg\" class=\"attachment-medium size-medium wp-image-14356\" alt=\"\" srcset=\"https:\/\/camping-labesse.com\/wp-content\/uploads\/2023\/06\/IMG_2839-300x225.jpeg 300w, https:\/\/camping-labesse.com\/wp-content\/uploads\/2023\/06\/IMG_2839-1024x768.jpeg 1024w, https:\/\/camping-labesse.com\/wp-content\/uploads\/2023\/06\/IMG_2839-768x576.jpeg 768w, https:\/\/camping-labesse.com\/wp-content\/uploads\/2023\/06\/IMG_2839-1536x1152.jpeg 1536w, https:\/\/camping-labesse.com\/wp-content\/uploads\/2023\/06\/IMG_2839.jpeg 2048w\" sizes=\"(max-width: 300px) 100vw, 300px\" \/>\t\t\t\t\t\t\t\t\t\t\t\t\t\t\t<\/div>\n\t\t\t\t<div class=\"elementor-element elementor-element-536c995 elementor-widget elementor-widget-text-editor\" data-id=\"536c995\" data-element_type=\"widget\" data-widget_type=\"text-editor.default\">\n\t\t\t\t\t\t\t\t\t<p><b>Club infantil<\/b> para vivir aventuras inolvidables y tener recuerdos duraderos. Supervisados por monitores de actividades cualificados, los ni\u00f1os pueden participar en actividades divertidas y educativas, y hacer amigos inolvidables. <\/p>\t\t\t\t\t\t\t\t<\/div>\n\t\t\t\t<\/div>\n\t\t\t\t<\/div>\n\t\t\t\t\t<\/div>\n\t\t\t\t<\/div>\n\t\t<div class=\"elementor-element elementor-element-6735533 e-flex e-con-boxed e-con e-parent\" data-id=\"6735533\" data-element_type=\"container\">\n\t\t\t\t\t<div class=\"e-con-inner\">\n\t\t<div class=\"elementor-element elementor-element-3856e9b e-con-full e-flex e-con e-child\" data-id=\"3856e9b\" data-element_type=\"container\">\n\t\t\t\t<div class=\"elementor-element elementor-element-a1621fd elementor-widget elementor-widget-heading\" data-id=\"a1621fd\" data-element_type=\"widget\" data-widget_type=\"heading.default\">\n\t\t\t\t\t<h2 class=\"elementor-heading-title elementor-size-default\">Explora los tesoros ocultos del Ari\u00e8ge\n<\/h2>\t\t\t\t<\/div>\n\t\t\t\t<div class=\"elementor-element elementor-element-3f07e74 elementor-widget-divider--view-line elementor-widget elementor-widget-divider\" data-id=\"3f07e74\" data-element_type=\"widget\" data-widget_type=\"divider.default\">\n\t\t\t\t\t\t\t<div class=\"elementor-divider\">\n\t\t\t<span class=\"elementor-divider-separator\">\n\t\t\t\t\t\t<\/span>\n\t\t<\/div>\n\t\t\t\t\t\t<\/div>\n\t\t\t\t<div class=\"elementor-element elementor-element-789f23c elementor-widget elementor-widget-text-editor\" data-id=\"789f23c\" data-element_type=\"widget\" data-widget_type=\"text-editor.default\">\n\t\t\t\t\t\t\t\t\t<div class=\"col medium-5 small-12 large-5\">\n<div class=\"col-inner text-left\">\n<p>El camping La Besse est\u00e1 idealmente situado para descubrir <a href=\"https:\/\/camping-labesse.com\/es\/turismo-en-ariege\/\">las riquezas del Ari\u00e8ge :<\/a><\/p>\n<\/div>\n<\/div>\n<div class=\"col medium-5 small-12 large-5 small-col-first\">\n<div class=\"col-inner text-center\">\n<div id=\"image_1466479247\" class=\"img has-hover x md-x lg-x y md-y lg-y\">\n<div class=\"img-inner image-cover dark\"><picture class=\"attachment-large size-large\"><source srcset=\"https:\/\/camping-labesse.com\/wp-content\/uploads\/2020\/11\/IMG_3564-1024x768.jpg.webp 1024w, https:\/\/camping-labesse.com\/wp-content\/uploads\/2020\/11\/IMG_3564-300x225.jpg.webp 300w, https:\/\/camping-labesse.com\/wp-content\/uploads\/2020\/11\/IMG_3564-768x576.jpg.webp 768w, https:\/\/camping-labesse.com\/wp-content\/uploads\/2020\/11\/IMG_3564-1536x1152.jpg.webp 1536w, https:\/\/camping-labesse.com\/wp-content\/uploads\/2020\/11\/IMG_3564-2048x1536.jpg.webp 2048w\" type=\"image\/webp\" sizes=\"(max-width: 1020px) 100vw, 1020px\"><\/source><\/picture><\/div>\n<\/div>\n<\/div>\n<\/div>\t\t\t\t\t\t\t\t<\/div>\n\t\t\t\t<\/div>\n\t\t<div class=\"elementor-element elementor-element-3fec647 e-con-full e-flex e-con e-child\" data-id=\"3fec647\" data-element_type=\"container\">\n\t\t<div class=\"elementor-element elementor-element-be80dd3 e-con-full e-flex e-con e-child\" data-id=\"be80dd3\" data-element_type=\"container\">\n\t\t\t\t<div class=\"elementor-element elementor-element-48f5eaf elementor-widget elementor-widget-image\" data-id=\"48f5eaf\" data-element_type=\"widget\" data-widget_type=\"image.default\">\n\t\t\t\t\t\t\t\t\t\t\t\t\t\t\t<img loading=\"lazy\" decoding=\"async\" width=\"768\" height=\"585\" src=\"https:\/\/camping-labesse.com\/wp-content\/uploads\/2021\/01\/030378.img_-768x585.jpg\" class=\"attachment-medium_large size-medium_large wp-image-13994\" alt=\"\" srcset=\"https:\/\/camping-labesse.com\/wp-content\/uploads\/2021\/01\/030378.img_-768x585.jpg 768w, https:\/\/camping-labesse.com\/wp-content\/uploads\/2021\/01\/030378.img_-300x229.jpg 300w, https:\/\/camping-labesse.com\/wp-content\/uploads\/2021\/01\/030378.img_-1024x780.jpg 1024w, https:\/\/camping-labesse.com\/wp-content\/uploads\/2021\/01\/030378.img_.jpg 1280w\" sizes=\"(max-width: 768px) 100vw, 768px\" \/>\t\t\t\t\t\t\t\t\t\t\t\t\t\t\t<\/div>\n\t\t\t\t<div class=\"elementor-element elementor-element-f69d42f elementor-widget elementor-widget-text-editor\" data-id=\"f69d42f\" data-element_type=\"widget\" data-widget_type=\"text-editor.default\">\n\t\t\t\t\t\t\t\t\t<div class=\"col medium-5 small-12 large-5\">\n<div class=\"col-inner text-left\">\n<p>Visita <b>pueblos pintorescos encaramados en lo alto de las colinas, <\/b>clasificados entre los pueblos m\u00e1s bonitos de Francia, como Mirepoix, con sus casas de entramado de madera y su mercado medieval, o Carcasona y sus murallas fortificadas, declaradas Patrimonio de la Humanidad por la UNESCO.<\/p>\n<\/div>\n<\/div>\n<div class=\"col medium-5 small-12 large-5 small-col-first\">\n<div class=\"col-inner text-center\">\n<div id=\"image_1466479247\" class=\"img has-hover x md-x lg-x y md-y lg-y\">\n<div class=\"img-inner image-cover dark\"><picture class=\"attachment-large size-large\"><source srcset=\"https:\/\/camping-labesse.com\/wp-content\/uploads\/2020\/11\/IMG_3564-1024x768.jpg.webp 1024w, https:\/\/camping-labesse.com\/wp-content\/uploads\/2020\/11\/IMG_3564-300x225.jpg.webp 300w, https:\/\/camping-labesse.com\/wp-content\/uploads\/2020\/11\/IMG_3564-768x576.jpg.webp 768w, https:\/\/camping-labesse.com\/wp-content\/uploads\/2020\/11\/IMG_3564-1536x1152.jpg.webp 1536w, https:\/\/camping-labesse.com\/wp-content\/uploads\/2020\/11\/IMG_3564-2048x1536.jpg.webp 2048w\" type=\"image\/webp\" sizes=\"(max-width: 1020px) 100vw, 1020px\"><\/source><\/picture><\/div>\n<\/div>\n<\/div>\n<\/div>\t\t\t\t\t\t\t\t<\/div>\n\t\t\t\t<\/div>\n\t\t<div class=\"elementor-element elementor-element-f2e5b1e e-con-full e-flex e-con e-child\" data-id=\"f2e5b1e\" data-element_type=\"container\">\n\t\t\t\t<div class=\"elementor-element elementor-element-cb026ff elementor-widget elementor-widget-image\" data-id=\"cb026ff\" data-element_type=\"widget\" data-widget_type=\"image.default\">\n\t\t\t\t\t\t\t\t\t\t\t\t\t\t\t<img loading=\"lazy\" decoding=\"async\" width=\"768\" height=\"574\" src=\"https:\/\/camping-labesse.com\/wp-content\/uploads\/2014\/02\/524127_323150061091708_378953391_n-768x574.jpg\" class=\"attachment-medium_large size-medium_large wp-image-13298\" alt=\"\" srcset=\"https:\/\/camping-labesse.com\/wp-content\/uploads\/2014\/02\/524127_323150061091708_378953391_n-768x574.jpg 768w, https:\/\/camping-labesse.com\/wp-content\/uploads\/2014\/02\/524127_323150061091708_378953391_n-300x224.jpg 300w, https:\/\/camping-labesse.com\/wp-content\/uploads\/2014\/02\/524127_323150061091708_378953391_n.jpg 960w\" sizes=\"(max-width: 768px) 100vw, 768px\" \/>\t\t\t\t\t\t\t\t\t\t\t\t\t\t\t<\/div>\n\t\t\t\t<div class=\"elementor-element elementor-element-9a24f74 elementor-widget elementor-widget-text-editor\" data-id=\"9a24f74\" data-element_type=\"widget\" data-widget_type=\"text-editor.default\">\n\t\t\t\t\t\t\t\t\t<div class=\"col medium-5 small-12 large-5\">\n<div class=\"col-inner text-left\">\n<p><b>Practica senderismo<\/b> en las majestuosas monta\u00f1as y admira panoramas impresionantes. Explora las rutas de senderismo del Parque Natural Regional de los Pirineos de Ari\u00e8ge y descubre paisajes de excepcional belleza. <\/p>\n<\/div>\n<\/div>\n<div class=\"col medium-5 small-12 large-5 small-col-first\">\n<div class=\"col-inner text-center\">\n<div id=\"image_1466479247\" class=\"img has-hover x md-x lg-x y md-y lg-y\">\n<div class=\"img-inner image-cover dark\"><picture class=\"attachment-large size-large\"><source srcset=\"https:\/\/camping-labesse.com\/wp-content\/uploads\/2020\/11\/IMG_3564-1024x768.jpg.webp 1024w, https:\/\/camping-labesse.com\/wp-content\/uploads\/2020\/11\/IMG_3564-300x225.jpg.webp 300w, https:\/\/camping-labesse.com\/wp-content\/uploads\/2020\/11\/IMG_3564-768x576.jpg.webp 768w, https:\/\/camping-labesse.com\/wp-content\/uploads\/2020\/11\/IMG_3564-1536x1152.jpg.webp 1536w, https:\/\/camping-labesse.com\/wp-content\/uploads\/2020\/11\/IMG_3564-2048x1536.jpg.webp 2048w\" type=\"image\/webp\" sizes=\"(max-width: 1020px) 100vw, 1020px\"><\/source><\/picture><\/div>\n<\/div>\n<\/div>\n<\/div>\t\t\t\t\t\t\t\t<\/div>\n\t\t\t\t<\/div>\n\t\t\t\t<\/div>\n\t\t<div class=\"elementor-element elementor-element-6db89ec e-con-full e-flex e-con e-child\" data-id=\"6db89ec\" data-element_type=\"container\">\n\t\t<div class=\"elementor-element elementor-element-c3795ce e-con-full e-flex e-con e-child\" data-id=\"c3795ce\" data-element_type=\"container\">\n\t\t\t\t<div class=\"elementor-element elementor-element-7bf52ba elementor-widget elementor-widget-image\" data-id=\"7bf52ba\" data-element_type=\"widget\" data-widget_type=\"image.default\">\n\t\t\t\t\t\t\t\t\t\t\t\t\t\t\t<img loading=\"lazy\" decoding=\"async\" width=\"300\" height=\"223\" src=\"https:\/\/camping-labesse.com\/wp-content\/uploads\/2014\/02\/niaux-300x223-1.jpg\" class=\"attachment-medium_large size-medium_large wp-image-13236\" alt=\"\" \/>\t\t\t\t\t\t\t\t\t\t\t\t\t\t\t<\/div>\n\t\t\t\t<div class=\"elementor-element elementor-element-b303d01 elementor-widget elementor-widget-text-editor\" data-id=\"b303d01\" data-element_type=\"widget\" data-widget_type=\"text-editor.default\">\n\t\t\t\t\t\t\t\t\t<div class=\"col medium-5 small-12 large-5\">\n<div class=\"col-inner text-left\">\n<p><b>Explora las misteriosas cuevas<\/b> de Niaux y sum\u00e9rgete en la fascinante historia de la prehistoria. Visita las cuevas de Niaux y admira las pinturas rupestres prehist\u00f3ricas, declaradas Patrimonio de la Humanidad por la UNESCO. <\/p>\n<\/div>\n<\/div>\n<div class=\"col medium-5 small-12 large-5 small-col-first\">\n<div class=\"col-inner text-center\">\n<div id=\"image_1466479247\" class=\"img has-hover x md-x lg-x y md-y lg-y\">\n<div class=\"img-inner image-cover dark\"><picture class=\"attachment-large size-large\"><source srcset=\"https:\/\/camping-labesse.com\/wp-content\/uploads\/2020\/11\/IMG_3564-1024x768.jpg.webp 1024w, https:\/\/camping-labesse.com\/wp-content\/uploads\/2020\/11\/IMG_3564-300x225.jpg.webp 300w, https:\/\/camping-labesse.com\/wp-content\/uploads\/2020\/11\/IMG_3564-768x576.jpg.webp 768w, https:\/\/camping-labesse.com\/wp-content\/uploads\/2020\/11\/IMG_3564-1536x1152.jpg.webp 1536w, https:\/\/camping-labesse.com\/wp-content\/uploads\/2020\/11\/IMG_3564-2048x1536.jpg.webp 2048w\" type=\"image\/webp\" sizes=\"(max-width: 1020px) 100vw, 1020px\"><\/source><\/picture><\/div>\n<\/div>\n<\/div>\n<\/div>\t\t\t\t\t\t\t\t<\/div>\n\t\t\t\t<\/div>\n\t\t<div class=\"elementor-element elementor-element-8f851a8 e-con-full e-flex e-con e-child\" data-id=\"8f851a8\" data-element_type=\"container\">\n\t\t\t\t<div class=\"elementor-element elementor-element-f6b3379 elementor-widget elementor-widget-image\" data-id=\"f6b3379\" data-element_type=\"widget\" data-widget_type=\"image.default\">\n\t\t\t\t\t\t\t\t\t\t\t\t\t\t\t<img loading=\"lazy\" decoding=\"async\" width=\"768\" height=\"1024\" src=\"https:\/\/camping-labesse.com\/wp-content\/uploads\/2020\/03\/IMG_0197-scaled-2-768x1024.jpg\" class=\"attachment-medium_large size-medium_large wp-image-14310\" alt=\"\" srcset=\"https:\/\/camping-labesse.com\/wp-content\/uploads\/2020\/03\/IMG_0197-scaled-2-768x1024.jpg 768w, https:\/\/camping-labesse.com\/wp-content\/uploads\/2020\/03\/IMG_0197-scaled-2-225x300.jpg 225w, https:\/\/camping-labesse.com\/wp-content\/uploads\/2020\/03\/IMG_0197-scaled-2-1152x1536.jpg 1152w, https:\/\/camping-labesse.com\/wp-content\/uploads\/2020\/03\/IMG_0197-scaled-2-1536x2048.jpg 1536w, https:\/\/camping-labesse.com\/wp-content\/uploads\/2020\/03\/IMG_0197-scaled-2.jpg 1920w\" sizes=\"(max-width: 768px) 100vw, 768px\" \/>\t\t\t\t\t\t\t\t\t\t\t\t\t\t\t<\/div>\n\t\t\t\t<div class=\"elementor-element elementor-element-5ffc7e4 elementor-widget elementor-widget-text-editor\" data-id=\"5ffc7e4\" data-element_type=\"widget\" data-widget_type=\"text-editor.default\">\n\t\t\t\t\t\t\t\t\t<div class=\"col medium-5 small-12 large-5\">\n<p><b>Prueba las especialidades culinarias locales<\/b>, como el suave foie gras, el sabroso cassoulet y el queso de cabra.<\/p>\n<\/div>\n<div class=\"col medium-5 small-12 large-5 small-col-first\">\n<div class=\"col-inner text-center\">\n<div id=\"image_1466479247\" class=\"img has-hover x md-x lg-x y md-y lg-y\">\n<div class=\"img-inner image-cover dark\"><picture class=\"attachment-large size-large\"><source srcset=\"https:\/\/camping-labesse.com\/wp-content\/uploads\/2020\/11\/IMG_3564-1024x768.jpg.webp 1024w, https:\/\/camping-labesse.com\/wp-content\/uploads\/2020\/11\/IMG_3564-300x225.jpg.webp 300w, https:\/\/camping-labesse.com\/wp-content\/uploads\/2020\/11\/IMG_3564-768x576.jpg.webp 768w, https:\/\/camping-labesse.com\/wp-content\/uploads\/2020\/11\/IMG_3564-1536x1152.jpg.webp 1536w, https:\/\/camping-labesse.com\/wp-content\/uploads\/2020\/11\/IMG_3564-2048x1536.jpg.webp 2048w\" type=\"image\/webp\" sizes=\"(max-width: 1020px) 100vw, 1020px\"><\/source><\/picture><\/div>\n<\/div>\n<\/div>\n<\/div>\t\t\t\t\t\t\t\t<\/div>\n\t\t\t\t<\/div>\n\t\t\t\t<\/div>\n\t\t\t\t\t<\/div>\n\t\t\t\t<\/div>\n\t\t\t\t<\/div>\n\t\t","protected":false},"excerpt":{"rendered":"<p>R\u00e9servez vos vacances Alquiler de chal\u00e9s de naturaleza en el camping La Besse : Tu ed\u00e9n familiar en el coraz\u00f3n de los Pirineos del Ariege Regala a tu familia una escapada encantada en el Camping La Besse, enclavado en el coraz\u00f3n de las monta\u00f1as de Ari\u00e8ge. D\u00e9jate transportar por la belleza de la verde campi\u00f1a [&hellip;]<\/p>\n","protected":false},"author":1,"featured_media":13096,"parent":0,"menu_order":0,"comment_status":"closed","ping_status":"closed","template":"","meta":{"footnotes":""},"class_list":["post-14535","page","type-page","status-publish","has-post-thumbnail","hentry"],"yoast_head":"<!-- This site is optimized with the Yoast SEO plugin v26.8 - https:\/\/yoast.com\/product\/yoast-seo-wordpress\/ -->\n<title>Alquiler chalet naturaleza Camping La Besse Ari\u00e8ge | Vacances Familiale<\/title>\n<meta name=\"description\" content=\"Alquiler de chal\u00e9s naturales en el camping La Besse, en Ari\u00e8ge. Chal\u00e9s espaciosos y acogedores en el coraz\u00f3n de los Pirineos. \u00a1Recarga las pilas con toda la familia!\" \/>\n<meta name=\"robots\" content=\"index, follow, max-snippet:-1, max-image-preview:large, max-video-preview:-1\" \/>\n<link rel=\"canonical\" href=\"https:\/\/camping-labesse.com\/es\/alquiler-de-chalets-en-la-naturaleza\/\" \/>\n<meta property=\"og:locale\" content=\"es_ES\" \/>\n<meta property=\"og:type\" content=\"article\" \/>\n<meta property=\"og:title\" content=\"Alquiler chalet naturaleza Camping La Besse Ari\u00e8ge | Vacances Familiale\" \/>\n<meta property=\"og:description\" content=\"Alquiler de chal\u00e9s naturales en el camping La Besse, en Ari\u00e8ge. Chal\u00e9s espaciosos y acogedores en el coraz\u00f3n de los Pirineos. \u00a1Recarga las pilas con toda la familia!\" \/>\n<meta property=\"og:url\" content=\"https:\/\/camping-labesse.com\/es\/alquiler-de-chalets-en-la-naturaleza\/\" \/>\n<meta property=\"og:site_name\" content=\"Domaine de la Besse - Camping 4 \u00e9toiles en Ari\u00e8ge\" \/>\n<meta property=\"article:modified_time\" content=\"2025-02-26T10:20:32+00:00\" \/>\n<meta property=\"og:image\" content=\"https:\/\/camping-labesse.com\/wp-content\/uploads\/2014\/02\/chalet-tradition-vue.jpg\" \/>\n\t<meta property=\"og:image:width\" content=\"1506\" \/>\n\t<meta property=\"og:image:height\" content=\"1000\" \/>\n\t<meta property=\"og:image:type\" content=\"image\/jpeg\" \/>\n<meta name=\"twitter:card\" content=\"summary_large_image\" \/>\n<meta name=\"twitter:label1\" content=\"Tiempo de lectura\" \/>\n\t<meta name=\"twitter:data1\" content=\"3 minutos\" \/>\n<script type=\"application\/ld+json\" class=\"yoast-schema-graph\">{\"@context\":\"https:\/\/schema.org\",\"@graph\":[{\"@type\":\"WebPage\",\"@id\":\"https:\/\/camping-labesse.com\/es\/alquiler-de-chalets-en-la-naturaleza\/\",\"url\":\"https:\/\/camping-labesse.com\/es\/alquiler-de-chalets-en-la-naturaleza\/\",\"name\":\"Alquiler chalet naturaleza Camping La Besse Ari\u00e8ge | Vacances Familiale\",\"isPartOf\":{\"@id\":\"https:\/\/camping-labesse.com\/es\/#website\"},\"primaryImageOfPage\":{\"@id\":\"https:\/\/camping-labesse.com\/es\/alquiler-de-chalets-en-la-naturaleza\/#primaryimage\"},\"image\":{\"@id\":\"https:\/\/camping-labesse.com\/es\/alquiler-de-chalets-en-la-naturaleza\/#primaryimage\"},\"thumbnailUrl\":\"https:\/\/camping-labesse.com\/wp-content\/uploads\/2014\/02\/chalet-tradition-vue.jpg\",\"datePublished\":\"2025-02-17T11:18:40+00:00\",\"dateModified\":\"2025-02-26T10:20:32+00:00\",\"description\":\"Alquiler de chal\u00e9s naturales en el camping La Besse, en Ari\u00e8ge. Chal\u00e9s espaciosos y acogedores en el coraz\u00f3n de los Pirineos. \u00a1Recarga las pilas con toda la familia!\",\"inLanguage\":\"es\",\"potentialAction\":[{\"@type\":\"ReadAction\",\"target\":[\"https:\/\/camping-labesse.com\/es\/alquiler-de-chalets-en-la-naturaleza\/\"]}]},{\"@type\":\"ImageObject\",\"inLanguage\":\"es\",\"@id\":\"https:\/\/camping-labesse.com\/es\/alquiler-de-chalets-en-la-naturaleza\/#primaryimage\",\"url\":\"https:\/\/camping-labesse.com\/wp-content\/uploads\/2014\/02\/chalet-tradition-vue.jpg\",\"contentUrl\":\"https:\/\/camping-labesse.com\/wp-content\/uploads\/2014\/02\/chalet-tradition-vue.jpg\",\"width\":1506,\"height\":1000},{\"@type\":\"WebSite\",\"@id\":\"https:\/\/camping-labesse.com\/es\/#website\",\"url\":\"https:\/\/camping-labesse.com\/es\/\",\"name\":\"Domaine de la Besse - Camping 4 \u00e9toiles en Ari\u00e8ge\",\"description\":\"Le domaine nature par excellence\",\"publisher\":{\"@id\":\"https:\/\/camping-labesse.com\/es\/#organization\"},\"potentialAction\":[{\"@type\":\"SearchAction\",\"target\":{\"@type\":\"EntryPoint\",\"urlTemplate\":\"https:\/\/camping-labesse.com\/es\/?s={search_term_string}\"},\"query-input\":{\"@type\":\"PropertyValueSpecification\",\"valueRequired\":true,\"valueName\":\"search_term_string\"}}],\"inLanguage\":\"es\"},{\"@type\":\"Organization\",\"@id\":\"https:\/\/camping-labesse.com\/es\/#organization\",\"name\":\"Domaine de la Besse - Camping 4 \u00e9toiles en Ari\u00e8ge\",\"url\":\"https:\/\/camping-labesse.com\/es\/\",\"logo\":{\"@type\":\"ImageObject\",\"inLanguage\":\"es\",\"@id\":\"https:\/\/camping-labesse.com\/es\/#\/schema\/logo\/image\/\",\"url\":\"https:\/\/camping-labesse.com\/wp-content\/uploads\/2025\/02\/DSC_0702-scaled.jpg\",\"contentUrl\":\"https:\/\/camping-labesse.com\/wp-content\/uploads\/2025\/02\/DSC_0702-scaled.jpg\",\"width\":2560,\"height\":1696,\"caption\":\"Domaine de la Besse - Camping 4 \u00e9toiles en Ari\u00e8ge\"},\"image\":{\"@id\":\"https:\/\/camping-labesse.com\/es\/#\/schema\/logo\/image\/\"}}]}<\/script>\n<!-- \/ Yoast SEO plugin. -->","yoast_head_json":{"title":"Alquiler chalet naturaleza Camping La Besse Ari\u00e8ge | Vacances Familiale","description":"Alquiler de chal\u00e9s naturales en el camping La Besse, en Ari\u00e8ge. Chal\u00e9s espaciosos y acogedores en el coraz\u00f3n de los Pirineos. \u00a1Recarga las pilas con toda la familia!","robots":{"index":"index","follow":"follow","max-snippet":"max-snippet:-1","max-image-preview":"max-image-preview:large","max-video-preview":"max-video-preview:-1"},"canonical":"https:\/\/camping-labesse.com\/es\/alquiler-de-chalets-en-la-naturaleza\/","og_locale":"es_ES","og_type":"article","og_title":"Alquiler chalet naturaleza Camping La Besse Ari\u00e8ge | Vacances Familiale","og_description":"Alquiler de chal\u00e9s naturales en el camping La Besse, en Ari\u00e8ge. Chal\u00e9s espaciosos y acogedores en el coraz\u00f3n de los Pirineos. \u00a1Recarga las pilas con toda la familia!","og_url":"https:\/\/camping-labesse.com\/es\/alquiler-de-chalets-en-la-naturaleza\/","og_site_name":"Domaine de la Besse - Camping 4 \u00e9toiles en Ari\u00e8ge","article_modified_time":"2025-02-26T10:20:32+00:00","og_image":[{"width":1506,"height":1000,"url":"https:\/\/camping-labesse.com\/wp-content\/uploads\/2014\/02\/chalet-tradition-vue.jpg","type":"image\/jpeg"}],"twitter_card":"summary_large_image","twitter_misc":{"Tiempo de lectura":"3 minutos"},"schema":{"@context":"https:\/\/schema.org","@graph":[{"@type":"WebPage","@id":"https:\/\/camping-labesse.com\/es\/alquiler-de-chalets-en-la-naturaleza\/","url":"https:\/\/camping-labesse.com\/es\/alquiler-de-chalets-en-la-naturaleza\/","name":"Alquiler chalet naturaleza Camping La Besse Ari\u00e8ge | Vacances Familiale","isPartOf":{"@id":"https:\/\/camping-labesse.com\/es\/#website"},"primaryImageOfPage":{"@id":"https:\/\/camping-labesse.com\/es\/alquiler-de-chalets-en-la-naturaleza\/#primaryimage"},"image":{"@id":"https:\/\/camping-labesse.com\/es\/alquiler-de-chalets-en-la-naturaleza\/#primaryimage"},"thumbnailUrl":"https:\/\/camping-labesse.com\/wp-content\/uploads\/2014\/02\/chalet-tradition-vue.jpg","datePublished":"2025-02-17T11:18:40+00:00","dateModified":"2025-02-26T10:20:32+00:00","description":"Alquiler de chal\u00e9s naturales en el camping La Besse, en Ari\u00e8ge. Chal\u00e9s espaciosos y acogedores en el coraz\u00f3n de los Pirineos. \u00a1Recarga las pilas con toda la familia!","inLanguage":"es","potentialAction":[{"@type":"ReadAction","target":["https:\/\/camping-labesse.com\/es\/alquiler-de-chalets-en-la-naturaleza\/"]}]},{"@type":"ImageObject","inLanguage":"es","@id":"https:\/\/camping-labesse.com\/es\/alquiler-de-chalets-en-la-naturaleza\/#primaryimage","url":"https:\/\/camping-labesse.com\/wp-content\/uploads\/2014\/02\/chalet-tradition-vue.jpg","contentUrl":"https:\/\/camping-labesse.com\/wp-content\/uploads\/2014\/02\/chalet-tradition-vue.jpg","width":1506,"height":1000},{"@type":"WebSite","@id":"https:\/\/camping-labesse.com\/es\/#website","url":"https:\/\/camping-labesse.com\/es\/","name":"Domaine de la Besse - Camping 4 \u00e9toiles en Ari\u00e8ge","description":"Le domaine nature par excellence","publisher":{"@id":"https:\/\/camping-labesse.com\/es\/#organization"},"potentialAction":[{"@type":"SearchAction","target":{"@type":"EntryPoint","urlTemplate":"https:\/\/camping-labesse.com\/es\/?s={search_term_string}"},"query-input":{"@type":"PropertyValueSpecification","valueRequired":true,"valueName":"search_term_string"}}],"inLanguage":"es"},{"@type":"Organization","@id":"https:\/\/camping-labesse.com\/es\/#organization","name":"Domaine de la Besse - Camping 4 \u00e9toiles en Ari\u00e8ge","url":"https:\/\/camping-labesse.com\/es\/","logo":{"@type":"ImageObject","inLanguage":"es","@id":"https:\/\/camping-labesse.com\/es\/#\/schema\/logo\/image\/","url":"https:\/\/camping-labesse.com\/wp-content\/uploads\/2025\/02\/DSC_0702-scaled.jpg","contentUrl":"https:\/\/camping-labesse.com\/wp-content\/uploads\/2025\/02\/DSC_0702-scaled.jpg","width":2560,"height":1696,"caption":"Domaine de la Besse - Camping 4 \u00e9toiles en Ari\u00e8ge"},"image":{"@id":"https:\/\/camping-labesse.com\/es\/#\/schema\/logo\/image\/"}}]}},"_links":{"self":[{"href":"https:\/\/camping-labesse.com\/es\/wp-json\/wp\/v2\/pages\/14535","targetHints":{"allow":["GET"]}}],"collection":[{"href":"https:\/\/camping-labesse.com\/es\/wp-json\/wp\/v2\/pages"}],"about":[{"href":"https:\/\/camping-labesse.com\/es\/wp-json\/wp\/v2\/types\/page"}],"author":[{"embeddable":true,"href":"https:\/\/camping-labesse.com\/es\/wp-json\/wp\/v2\/users\/1"}],"replies":[{"embeddable":true,"href":"https:\/\/camping-labesse.com\/es\/wp-json\/wp\/v2\/comments?post=14535"}],"version-history":[{"count":0,"href":"https:\/\/camping-labesse.com\/es\/wp-json\/wp\/v2\/pages\/14535\/revisions"}],"wp:featuredmedia":[{"embeddable":true,"href":"https:\/\/camping-labesse.com\/es\/wp-json\/wp\/v2\/media\/13096"}],"wp:attachment":[{"href":"https:\/\/camping-labesse.com\/es\/wp-json\/wp\/v2\/media?parent=14535"}],"curies":[{"name":"wp","href":"https:\/\/api.w.org\/{rel}","templated":true}]}}